{"id":614,"date":"2024-09-13T19:38:10","date_gmt":"2024-09-13T19:38:10","guid":{"rendered":"https:\/\/www.centrocieloeterra.it\/?page_id=614"},"modified":"2024-11-10T19:15:20","modified_gmt":"2024-11-10T19:15:20","slug":"yoga","status":"publish","type":"page","link":"https:\/\/www.centrocieloeterra.it\/index.php\/yoga\/","title":{"rendered":"yoga"},"content":{"rendered":"\t\t<div data-elementor-type=\"wp-page\" data-elementor-id=\"614\" class=\"elementor elementor-614\">\n\t\t\t\t<div class=\"elementor-element elementor-element-29ca735 e-con-full e-flex e-con e-parent\" data-id=\"29ca735\" data-element_type=\"container\" data-e-type=\"container\" data-settings=\"{&quot;background_background&quot;:&quot;classic&quot;}\">\n\t\t<div class=\"elementor-element elementor-element-97bc716 e-con-full e-flex e-con e-child\" data-id=\"97bc716\" data-element_type=\"container\" data-e-type=\"container\">\n\t\t\t\t<div class=\"elementor-element elementor-element-d712d15 elementor-widget elementor-widget-heading\" data-id=\"d712d15\" data-element_type=\"widget\" data-e-type=\"widget\" data-widget_type=\"heading.default\">\n\t\t\t\t<div class=\"elementor-widget-container\">\n\t\t\t\t\t<h2 class=\"elementor-heading-title elementor-size-default\">ENTRA NEL MONDO DELLO YOGA!<br>LO YOGA E' PER TUTTI!<\/h2>\t\t\t\t<\/div>\n\t\t\t\t<\/div>\n\t\t\t\t<div class=\"elementor-element elementor-element-d82497e elementor-widget elementor-widget-image\" data-id=\"d82497e\" data-element_type=\"widget\" data-e-type=\"widget\" data-widget_type=\"image.default\">\n\t\t\t\t<div class=\"elementor-widget-container\">\n\t\t\t\t\t\t\t\t\t\t\t\t<figure class=\"wp-caption\">\n\t\t\t\t\t\t\t\t\t\t<img decoding=\"async\" width=\"150\" height=\"150\" src=\"https:\/\/www.centrocieloeterra.it\/wp-content\/uploads\/2024\/09\/cropped-LOGO--150x150.png\" class=\"attachment-thumbnail size-thumbnail wp-image-286\" alt=\"\" \/>\t\t\t\t\t\t\t\t\t\t\t<figcaption class=\"widget-image-caption wp-caption-text\"><\/figcaption>\n\t\t\t\t\t\t\t\t\t\t<\/figure>\n\t\t\t\t\t\t\t\t\t<\/div>\n\t\t\t\t<\/div>\n\t\t\t\t<\/div>\n\t\t\t\t<\/div>\n\t\t<div class=\"elementor-element elementor-element-9adb8cc e-flex e-con-boxed e-con e-parent\" data-id=\"9adb8cc\" data-element_type=\"container\" data-e-type=\"container\" data-settings=\"{&quot;background_background&quot;:&quot;classic&quot;}\">\n\t\t\t\t\t<div class=\"e-con-inner\">\n\t\t\t\t<div class=\"elementor-element elementor-element-147b59e elementor-widget elementor-widget-heading\" data-id=\"147b59e\" data-element_type=\"widget\" data-e-type=\"widget\" data-widget_type=\"heading.default\">\n\t\t\t\t<div class=\"elementor-widget-container\">\n\t\t\t\t\t<h2 class=\"elementor-heading-title elementor-size-default\">PARTECIPA AI NOSTRI CORSI, INIZIA IL TUO VIAGGIO<\/h2>\t\t\t\t<\/div>\n\t\t\t\t<\/div>\n\t\t\t\t<div class=\"elementor-element elementor-element-0158785 elementor-widget elementor-widget-heading\" data-id=\"0158785\" data-element_type=\"widget\" data-e-type=\"widget\" data-widget_type=\"heading.default\">\n\t\t\t\t<div class=\"elementor-widget-container\">\n\t\t\t\t\t<h3 class=\"elementor-heading-title elementor-size-default\">SE VUOI AUMENTARE FORZA,  FLESSIBILITA' E CALMARE LA MENTE.<\/h3>\t\t\t\t<\/div>\n\t\t\t\t<\/div>\n\t\t\t\t\t<\/div>\n\t\t\t\t<\/div>\n\t\t<div class=\"elementor-element elementor-element-79cdc19 e-flex e-con-boxed e-con e-parent\" data-id=\"79cdc19\" data-element_type=\"container\" data-e-type=\"container\" data-settings=\"{&quot;background_background&quot;:&quot;classic&quot;}\">\n\t\t\t\t\t<div class=\"e-con-inner\">\n\t\t\t\t<div class=\"elementor-element elementor-element-9f8000d elementor-widget elementor-widget-heading\" data-id=\"9f8000d\" data-element_type=\"widget\" data-e-type=\"widget\" data-widget_type=\"heading.default\">\n\t\t\t\t<div class=\"elementor-widget-container\">\n\t\t\t\t\t<h2 class=\"elementor-heading-title elementor-size-default\">I NOSTRI CORSI SI TENGONO PRESSO LA PALESTRA DELLA SCUOLA ELEMENTARE DI CISANO<br>INSEGNANTE STEFANO LOCATELLI <br><\/h2>\t\t\t\t<\/div>\n\t\t\t\t<\/div>\n\t\t\t\t\t<\/div>\n\t\t\t\t<\/div>\n\t\t<div class=\"elementor-element elementor-element-b68c02d e-flex e-con-boxed e-con e-parent\" data-id=\"b68c02d\" data-element_type=\"container\" data-e-type=\"container\" data-settings=\"{&quot;background_background&quot;:&quot;classic&quot;}\">\n\t\t\t\t\t<div class=\"e-con-inner\">\n\t\t<div class=\"elementor-element elementor-element-31aa727 e-con-full e-flex e-con e-child\" data-id=\"31aa727\" data-element_type=\"container\" data-e-type=\"container\" data-settings=\"{&quot;background_background&quot;:&quot;classic&quot;}\">\n\t\t\t\t<div class=\"elementor-element elementor-element-66a2578 elementor-widget elementor-widget-text-editor\" data-id=\"66a2578\" data-element_type=\"widget\" data-e-type=\"widget\" data-widget_type=\"text-editor.default\">\n\t\t\t\t<div class=\"elementor-widget-container\">\n\t\t\t\t\t\t\t\t\t<p style=\"text-align: center;\">LUNEDI DALLE ORE 20.00\u00a0<\/p><p>ALLE ORE 21.30<\/p>\t\t\t\t\t\t\t\t<\/div>\n\t\t\t\t<\/div>\n\t\t\t\t<\/div>\n\t\t<div class=\"elementor-element elementor-element-df7434b e-con-full e-flex e-con e-child\" data-id=\"df7434b\" data-element_type=\"container\" data-e-type=\"container\" data-settings=\"{&quot;background_background&quot;:&quot;classic&quot;}\">\n\t\t\t\t<div class=\"elementor-element elementor-element-36f55da elementor-widget elementor-widget-text-editor\" data-id=\"36f55da\" data-element_type=\"widget\" data-e-type=\"widget\" data-widget_type=\"text-editor.default\">\n\t\t\t\t<div class=\"elementor-widget-container\">\n\t\t\t\t\t\t\t\t\t<p style=\"text-align: center;\">GIOVEDI DALLE ORE 19.00\u00a0<\/p><p>ALLE ORE 21.30<\/p>\t\t\t\t\t\t\t\t<\/div>\n\t\t\t\t<\/div>\n\t\t\t\t<\/div>\n\t\t\t\t\t<\/div>\n\t\t\t\t<\/div>\n\t\t<div class=\"elementor-element elementor-element-ce30018 e-flex e-con-boxed e-con e-parent\" data-id=\"ce30018\" data-element_type=\"container\" data-e-type=\"container\" data-settings=\"{&quot;background_background&quot;:&quot;classic&quot;}\">\n\t\t\t\t\t<div class=\"e-con-inner\">\n\t\t\t\t<div class=\"elementor-element elementor-element-04357de elementor-widget__width-inherit elementor-widget elementor-widget-image\" data-id=\"04357de\" data-element_type=\"widget\" data-e-type=\"widget\" data-widget_type=\"image.default\">\n\t\t\t\t<div class=\"elementor-widget-container\">\n\t\t\t\t\t\t\t\t\t\t\t\t\t\t\t<img fetchpriority=\"high\" decoding=\"async\" width=\"2048\" height=\"1219\" src=\"https:\/\/www.centrocieloeterra.it\/wp-content\/uploads\/2024\/09\/HATA-YOGA-OK-1-2048x1219.jpg\" class=\"attachment-2048x2048 size-2048x2048 wp-image-1590\" alt=\"\" srcset=\"https:\/\/www.centrocieloeterra.it\/wp-content\/uploads\/2024\/09\/HATA-YOGA-OK-1-2048x1219.jpg 2048w, https:\/\/www.centrocieloeterra.it\/wp-content\/uploads\/2024\/09\/HATA-YOGA-OK-1-300x179.jpg 300w, https:\/\/www.centrocieloeterra.it\/wp-content\/uploads\/2024\/09\/HATA-YOGA-OK-1-1024x609.jpg 1024w, https:\/\/www.centrocieloeterra.it\/wp-content\/uploads\/2024\/09\/HATA-YOGA-OK-1-768x457.jpg 768w, https:\/\/www.centrocieloeterra.it\/wp-content\/uploads\/2024\/09\/HATA-YOGA-OK-1-1536x914.jpg 1536w\" sizes=\"(max-width: 2048px) 100vw, 2048px\" \/>\t\t\t\t\t\t\t\t\t\t\t\t\t\t\t<\/div>\n\t\t\t\t<\/div>\n\t\t\t\t\t<\/div>\n\t\t\t\t<\/div>\n\t\t<div class=\"elementor-element elementor-element-64d3100 e-flex e-con-boxed e-con e-parent\" data-id=\"64d3100\" data-element_type=\"container\" data-e-type=\"container\" data-settings=\"{&quot;shape_divider_top&quot;:&quot;opacity-tilt&quot;}\">\n\t\t\t\t\t<div class=\"e-con-inner\">\n\t\t\t\t<div class=\"elementor-shape elementor-shape-top\" aria-hidden=\"true\" data-negative=\"false\">\n\t\t\t<svg xmlns=\"http:\/\/www.w3.org\/2000\/svg\" viewBox=\"0 0 2600 131.1\" preserveAspectRatio=\"none\">\n\t<path class=\"elementor-shape-fill\" d=\"M0 0L2600 0 2600 69.1 0 0z\"\/>\n\t<path class=\"elementor-shape-fill\" style=\"opacity:0.5\" d=\"M0 0L2600 0 2600 69.1 0 69.1z\"\/>\n\t<path class=\"elementor-shape-fill\" style=\"opacity:0.25\" d=\"M2600 0L0 0 0 130.1 2600 69.1z\"\/>\n<\/svg>\t\t<\/div>\n\t\t\t\t\t<\/div>\n\t\t\t\t<\/div>\n\t\t<div class=\"elementor-element elementor-element-77b91e6 e-flex e-con-boxed e-con e-parent\" data-id=\"77b91e6\" data-element_type=\"container\" data-e-type=\"container\">\n\t\t\t\t\t<div class=\"e-con-inner\">\n\t\t\t\t<div class=\"elementor-element elementor-element-fa3092b elementor-align-center elementor-widget elementor-widget-button\" data-id=\"fa3092b\" data-element_type=\"widget\" data-e-type=\"widget\" data-widget_type=\"button.default\">\n\t\t\t\t<div class=\"elementor-widget-container\">\n\t\t\t\t\t\t\t\t\t<div class=\"elementor-button-wrapper\">\n\t\t\t\t\t<a class=\"elementor-button elementor-button-link elementor-size-sm\" href=\"https:\/\/www.centrocieloeterra.it\/\">\n\t\t\t\t\t\t<span class=\"elementor-button-content-wrapper\">\n\t\t\t\t\t\t\t\t\t<span class=\"elementor-button-text\">home<\/span>\n\t\t\t\t\t<\/span>\n\t\t\t\t\t<\/a>\n\t\t\t\t<\/div>\n\t\t\t\t\t\t\t\t<\/div>\n\t\t\t\t<\/div>\n\t\t\t\t<div class=\"elementor-element elementor-element-f4e329c elementor-widget elementor-widget-heading\" data-id=\"f4e329c\" data-element_type=\"widget\" data-e-type=\"widget\" data-widget_type=\"heading.default\">\n\t\t\t\t<div class=\"elementor-widget-container\">\n\t\t\t\t\t<h2 class=\"elementor-heading-title elementor-size-default\">CHE COS'E' LO YOGA<\/h2>\t\t\t\t<\/div>\n\t\t\t\t<\/div>\n\t\t\t\t\t<\/div>\n\t\t\t\t<\/div>\n\t\t<div class=\"elementor-element elementor-element-6043355 e-flex e-con-boxed e-con e-parent\" data-id=\"6043355\" data-element_type=\"container\" data-e-type=\"container\" data-settings=\"{&quot;background_background&quot;:&quot;gradient&quot;}\">\n\t\t\t\t\t<div class=\"e-con-inner\">\n\t\t\t\t<div class=\"elementor-element elementor-element-075fe45 elementor-widget elementor-widget-text-editor\" data-id=\"075fe45\" data-element_type=\"widget\" data-e-type=\"widget\" data-widget_type=\"text-editor.default\">\n\t\t\t\t<div class=\"elementor-widget-container\">\n\t\t\t\t\t\t\t\t\t<div class=\"vc_row wpb_row vc_row-fluid vc_custom_1683214886530\" tabindex=\"-1\" data-ls_id=\"#cosa-e\"><div class=\"wpb_column vc_column_container vc_col-sm-12\"><div class=\"vc_column-inner\"><div class=\"wpb_wrapper\"><div class=\"wpb_text_column wpb_content_element\"><div class=\"wpb_wrapper\"><p><strong>Lo Yoga \u00e8 una disciplina millenaria<\/strong>, le cui origini risalgono alla filosofia dell\u2019India dei\u00a0<em>Veda<\/em>, tra le opere letterarie pi\u00f9 antiche della storia del mondo.<\/p><p><em>Veda<\/em>\u00a0\u00e8 una parola sanscrita che indica la sapienza, nella doppia concezione di\u00a0<em>sapere sacro\u00a0<\/em>e\u00a0<em>sapere pratico<\/em>, le due cose inscindibili nel pensiero indiano: se faccio, capisco; se ho esperienza, conosco; la comprensione profonda del mondo passa attraverso la coscienza radicale della mia mente e del mio corpo che sono interconnessi e, dunque, si influenzano a vicenda.<\/p><p>Yoga \u00e8 un termine costruito sulla radice sanscrita\u00a0<em>yuj<\/em>\u00a0che vuol dire\u00a0<em>aggiogare<\/em>,\u00a0<em>tenere insieme<\/em>,\u00a0<em>unire<\/em>\u00a0ma anche\u00a0<em>essere connesso<\/em>,\u00a0<em>tenere in contatto<\/em>,\u00a0<em>combinare pi\u00f9 cose sino a renderle una<\/em>.\u00a0<strong>Lo Yoga ha il fine di concertare le voci dissonanti del corpo e della mente, rendendo armonica ogni divergenza attraverso un\u2019educazione dolce all\u2019ascolto profondo di s\u00e9<\/strong>. Ci\u00f2 vuol dire allenarsi a tirare fuori la potenzialit\u00e0 positiva della mente, mettendola in condizione di fare il miglior lavoro possibile per raggiungere il benessere psicofisico, utilizzando gli strumenti che ha a disposizione nelle circostanze che esistono qui e ora.<\/p><p>Lo Yoga \u00e8, infatti, una\u00a0<strong>disciplina che investe il corpo e la mente\u00a0 in senso pratico, al fine di rendere la mente duttile attraverso l\u2019addestramento fisico<\/strong>,\u00a0<strong>e viceversa<\/strong>.<\/p><p>La pratica dello yoga \u00e8 caratterizzata da una serie di tecniche corporee statiche e dinamiche: posture fisse, movimenti, stiramenti, equilibrio, respirazione, meditazione. Essa permette di conseguire efficaci benefici a livello fisico sciogliendo le tensioni, tonificando la muscolatura, curando la salute delle articolazioni e degli organi interni, migliorando la circolazione, la postura, la capacit\u00e0 polmonare e rafforzando il sistema immunitario. Inoltre, con l\u2019assiduit\u00e0 e la costanza della pratica regolare, lo Yoga estende i suoi benefici oltre il corpo fisico: permette di concentrare la mente e di rilassarla, riducendo notevolmente lo stress, e aumenta la capacit\u00e0 di percepire intimamente, con attenzione, cura e finezza se stessi. Con lo Yoga possiamo coltivare la disciplina e la forza cos\u00ec come il rilassamento e l\u2019equanimit\u00e0.<\/p><\/div><\/div><\/div><\/div><\/div><\/div><div class=\"vc_row wpb_row vc_row-fluid vc_custom_1683214896594\" tabindex=\"-1\" data-ls_id=\"#origini\"><div class=\"wpb_column vc_column_container vc_col-sm-12\"><div class=\"vc_column-inner\"><div class=\"wpb_wrapper\"><div class=\"wpb_text_column wpb_content_element\"><div class=\"wpb_wrapper\"><h2>Origini e sviluppo dello Yoga<\/h2><p>\u00c8 interessante sapere che\u00a0<strong>lo Yoga non nasce come una disciplina che cura il corpo e rilassa la mente:\u00a0<\/strong>La\u00a0<em>gnosi<\/em>\u00a0dello Yoga era conseguita a caro prezzo, ce lo insegna il pi\u00f9 datato manuale di Yoga di cui siamo in possesso: gli\u00a0<em>Yoga-Sutra<\/em>\u00a0di Patanjali, databili attorno al 200 a.C.<\/p><p>La pratica dello Yoga era, infatti, riservata a un numero esiguo di persone selezionate da un maestro, il\u00a0<em>guru<\/em>, sulla base di severi criteri elettivi. Il discepolo era costretto a vivere accanto al maestro per un anno e susseguentemente poteva incominciare il passaggio di quel sapere sottile che l\u2019India definiva \u201cyogico\u201d. Per servire il maestro, l\u2019allievo doveva allontanarsi dalla famiglia e dal contesto sociale per dedicarsi completamente a servire il\u00a0<em>guru<\/em>. Ci\u00f2 implicava il vivere lo Yoga nella vita stessa attraverso un atto di volont\u00e0 che manifestava l\u2019intenzione di cambiare, di diventare un conoscitore della verit\u00e0.<\/p><p>Il cammino verso una coscienza superiore comportava la pratica di posizioni fisiche (<em>asana<\/em>), respirazioni (<em>pranayama<\/em>), meditazioni, comportamenti etici che includevano il rispetto per ogni forma di vita e un\u2019alimentazione sana e rispettosa della natura.\u00a0<strong>Il benessere fisico era un semplice effetto collaterale, la mera conseguenza di trattare il corpo come un dono sacro<\/strong>.<\/p><p><strong>Malgrado lo Yoga sia una disciplina molto antica, \u00e8 sopravvissuto fino ai nostri giorni grazie al suo valore, alla sua adattabilit\u00e0 a vari ambiti e ai cambiamenti indotti dal passare del tempo<\/strong>. Giunto in Europa e negli Stati Uniti all\u2019inizio del 1900 con l\u2019arrivo dei grandi maestri indiani, ebbe un rapido sviluppo dopo le due Guerre, sebbene gli occidentali si fossero gi\u00e0 dimostrati pi\u00f9 interessati agli aspetti pratici della disciplina che a quelli ideali e filosofici. Cos\u00ec, si \u00e8 ricorsi allo Yoga per curare le patologie pi\u00f9 diverse, rendendolo di fatto praticato in tutto il pianeta e generando una filiazione da cui si sono perfezionati, tra gli altri, la ginnastica dolce, lo stretching e il Pilates.<\/p><p>Non a caso, uno degli aspetti intrinseci e pi\u00f9 interessanti dello Yoga \u00e8 che esso stesso si \u00e8 sviluppato sin dal principio in forme diverse o branche, che incontrano facilmente le esigenze di chiunque.<\/p><\/div><\/div><\/div><\/div><\/div><\/div><div class=\"vc_row wpb_row vc_row-fluid vc_custom_1683214941160\" tabindex=\"-1\" data-ls_id=\"#utilizzo\"><div class=\"wpb_column vc_column_container vc_col-sm-12\"><div class=\"vc_column-inner\"><div class=\"wpb_wrapper\"><div class=\"wpb_text_column wpb_content_element\"><div class=\"wpb_wrapper\"><h2>Utilizzo dello Yoga in terapia<\/h2><p>Bench\u00e9 il suo scopo originario non sia il miglioramento dello stato di salute ma la realizzazione spirituale, il benessere fisico che deriva dalla pratica dello Yoga non \u00e8 secondario, al punto che il suo valore terapeutico oggi \u00e8 riconosciuto e attestato.<\/p><p><strong>Lo Yoga pu\u00f2 essere praticato da tutti senza difficolt\u00e0: un elemento essenziale nello Yoga \u00e8 proprio l\u2019efficacia della visualizzazione dettagliata delle posizioni che il corpo non riesce a eseguire<\/strong>. Fissare la mente su una cosa aumenta notevolmente le probabilit\u00e0 che essa accada.<\/p><p>In Occidente spesso pensiamo che lo Yoga sia la sola corrispondenza con le posizioni fisiche statiche, eppure gli\u00a0<em>asana\u00a0<\/em>sono solo una delle molteplici parti che formano il cammino dello Yoga Classico di cui Patanjali \u00e8 promotore, certamente influenzato dalla pi\u00f9 antica tradizione epica indiana (Falk, 1986; Feuerstein 2009).<\/p><p><strong>Lo Yoga promuove il benessere generale dei praticanti,<\/strong> che si dedicano a esso con amore, accuratezza e tenacia. Di certo, lo Yoga \u00e8 una medicina lenta: il cambiamento avviene un poco alla volta, essendo concepito come un percorso per gradi sin dall\u2019origine. <strong>Attraverso una pratica costante e fatta con perseveranza, la trasformazione psicofisica sboccia, costellata da piccole ma infinite realizzazioni quotidiane<\/strong>: si respira meglio, il corpo \u00e8 pi\u00f9 armonico e sostiene meglio la fatica, la mente beneficia di un profondo rilassamento muscolare e psicologico. Sulla sponda di un torrente, seduti per il tempo necessario, si pu\u00f2 osservare l\u2019acqua che leviga le rocce. Allo stesso modo, con pazienza e per il tempo che ci occorre e modulando lo Yoga nello sforzo possibile per ciascuno di noi, la disciplina cambia la vita esteriore e interiore, levigandone le asprezze come l\u2019acqua sulla pietra.\u00a0<\/p><\/div><\/div><\/div><\/div><\/div><\/div>\t\t\t\t\t\t\t\t<\/div>\n\t\t\t\t<\/div>\n\t\t\t\t\t<\/div>\n\t\t\t\t<\/div>\n\t\t<div class=\"elementor-element elementor-element-b81ee2a e-flex e-con-boxed e-con e-parent\" data-id=\"b81ee2a\" data-element_type=\"container\" data-e-type=\"container\" data-settings=\"{&quot;shape_divider_top&quot;:&quot;opacity-tilt&quot;}\">\n\t\t\t\t\t<div class=\"e-con-inner\">\n\t\t\t\t<div class=\"elementor-shape elementor-shape-top\" aria-hidden=\"true\" data-negative=\"false\">\n\t\t\t<svg xmlns=\"http:\/\/www.w3.org\/2000\/svg\" viewBox=\"0 0 2600 131.1\" preserveAspectRatio=\"none\">\n\t<path class=\"elementor-shape-fill\" d=\"M0 0L2600 0 2600 69.1 0 0z\"\/>\n\t<path class=\"elementor-shape-fill\" style=\"opacity:0.5\" d=\"M0 0L2600 0 2600 69.1 0 69.1z\"\/>\n\t<path class=\"elementor-shape-fill\" style=\"opacity:0.25\" d=\"M2600 0L0 0 0 130.1 2600 69.1z\"\/>\n<\/svg>\t\t<\/div>\n\t\t\t\t<div class=\"elementor-element elementor-element-053624a elementor-widget elementor-widget-heading\" data-id=\"053624a\" data-element_type=\"widget\" data-e-type=\"widget\" data-widget_type=\"heading.default\">\n\t\t\t\t<div class=\"elementor-widget-container\">\n\t\t\t\t\t<h4 class=\"elementor-heading-title elementor-size-default\">LE PRINCIPALI POSIZIONI DI YOGA (ASANA)<\/h4>\t\t\t\t<\/div>\n\t\t\t\t<\/div>\n\t\t\t\t\t<\/div>\n\t\t\t\t<\/div>\n\t\t<div class=\"elementor-element elementor-element-996a807 e-flex e-con-boxed e-con e-parent\" data-id=\"996a807\" data-element_type=\"container\" data-e-type=\"container\">\n\t\t\t\t\t<div class=\"e-con-inner\">\n\t\t\t\t\t<\/div>\n\t\t\t\t<\/div>\n\t\t<div class=\"elementor-element elementor-element-31d8668 e-flex e-con-boxed e-con e-parent\" data-id=\"31d8668\" data-element_type=\"container\" data-e-type=\"container\" data-settings=\"{&quot;background_background&quot;:&quot;classic&quot;}\">\n\t\t\t\t\t<div class=\"e-con-inner\">\n\t\t<div class=\"elementor-element elementor-element-64131c4 e-con-full e-flex e-con e-child\" data-id=\"64131c4\" data-element_type=\"container\" data-e-type=\"container\">\n\t\t\t\t<div class=\"elementor-element elementor-element-8e15340 elementor-widget elementor-widget-text-editor\" data-id=\"8e15340\" data-element_type=\"widget\" data-e-type=\"widget\" data-widget_type=\"text-editor.default\">\n\t\t\t\t<div class=\"elementor-widget-container\">\n\t\t\t\t\t\t\t\t\t<h5><strong>Adho Mukha Svanasana: il cane a testa in gi\u00f9<\/strong><\/h5>\t\t\t\t\t\t\t\t<\/div>\n\t\t\t\t<\/div>\n\t\t\t\t<div class=\"elementor-element elementor-element-777a552 elementor-widget elementor-widget-image\" data-id=\"777a552\" data-element_type=\"widget\" data-e-type=\"widget\" data-widget_type=\"image.default\">\n\t\t\t\t<div class=\"elementor-widget-container\">\n\t\t\t\t\t\t\t\t\t\t\t\t\t\t\t<img decoding=\"async\" width=\"400\" height=\"266\" src=\"https:\/\/www.centrocieloeterra.it\/wp-content\/uploads\/2024\/09\/Praticare-cane-a-testa-in-giu.jpg\" class=\"attachment-large size-large wp-image-1653\" alt=\"\" srcset=\"https:\/\/www.centrocieloeterra.it\/wp-content\/uploads\/2024\/09\/Praticare-cane-a-testa-in-giu.jpg 400w, https:\/\/www.centrocieloeterra.it\/wp-content\/uploads\/2024\/09\/Praticare-cane-a-testa-in-giu-300x200.jpg 300w\" sizes=\"(max-width: 400px) 100vw, 400px\" \/>\t\t\t\t\t\t\t\t\t\t\t\t\t\t\t<\/div>\n\t\t\t\t<\/div>\n\t\t\t\t<div class=\"elementor-element elementor-element-c55d910 elementor-widget elementor-widget-text-editor\" data-id=\"c55d910\" data-element_type=\"widget\" data-e-type=\"widget\" data-widget_type=\"text-editor.default\">\n\t\t\t\t<div class=\"elementor-widget-container\">\n\t\t\t\t\t\t\t\t\t<p>Il\u00a0<b>cane a testa in gi\u00f9<\/b>\u00a0\u00e8 una delle posizioni pi\u00f9 conosciute e\u00a0<b>complete<\/b>.<\/p><p>Tra i suoi benefici ci sono l\u2019apertura delle spalle, l\u2019allungamento di schiena, gambe e braccia.<\/p><p>Se sei all\u2019inizio puoi piegare le ginocchia e usare due mattoncini sotto le mani per aiutarti nella spinta.<\/p>\t\t\t\t\t\t\t\t<\/div>\n\t\t\t\t<\/div>\n\t\t\t\t<\/div>\n\t\t<div class=\"elementor-element elementor-element-80c19ba e-con-full e-flex e-con e-child\" data-id=\"80c19ba\" data-element_type=\"container\" data-e-type=\"container\">\n\t\t\t\t<div class=\"elementor-element elementor-element-fe896cf elementor-widget elementor-widget-text-editor\" data-id=\"fe896cf\" data-element_type=\"widget\" data-e-type=\"widget\" data-widget_type=\"text-editor.default\">\n\t\t\t\t<div class=\"elementor-widget-container\">\n\t\t\t\t\t\t\t\t\t<h5>Baddha Trikonasana, la posizione yoga dell\u2019angolo laterale ruotato<\/h5>\t\t\t\t\t\t\t\t<\/div>\n\t\t\t\t<\/div>\n\t\t\t\t<div class=\"elementor-element elementor-element-9c56132 elementor-widget elementor-widget-image\" data-id=\"9c56132\" data-element_type=\"widget\" data-e-type=\"widget\" data-widget_type=\"image.default\">\n\t\t\t\t<div class=\"elementor-widget-container\">\n\t\t\t\t\t\t\t\t\t\t\t\t\t\t\t<img loading=\"lazy\" decoding=\"async\" width=\"300\" height=\"300\" src=\"https:\/\/www.centrocieloeterra.it\/wp-content\/uploads\/2024\/09\/Trikonasana.jpg\" class=\"attachment-large size-large wp-image-1654\" alt=\"\" srcset=\"https:\/\/www.centrocieloeterra.it\/wp-content\/uploads\/2024\/09\/Trikonasana.jpg 300w, https:\/\/www.centrocieloeterra.it\/wp-content\/uploads\/2024\/09\/Trikonasana-150x150.jpg 150w\" sizes=\"(max-width: 300px) 100vw, 300px\" \/>\t\t\t\t\t\t\t\t\t\t\t\t\t\t\t<\/div>\n\t\t\t\t<\/div>\n\t\t\t\t<div class=\"elementor-element elementor-element-ae6d1ba elementor-widget elementor-widget-text-editor\" data-id=\"ae6d1ba\" data-element_type=\"widget\" data-e-type=\"widget\" data-widget_type=\"text-editor.default\">\n\t\t\t\t<div class=\"elementor-widget-container\">\n\t\t\t\t\t\t\t\t\t<p>Trikonasana\u00a0significa \u201ctriangolo\u201d, perch\u00e9 in questa posizione le gambe formano un triangolo con il pavimento. Ne esistono pi\u00f9 varianti, come\u00a0<b>Utthita Trikonasana\u00a0<\/b>e la sua posizione contraria\u00a0<b>Parivrtta Trikonasana<\/b>.<\/p>\t\t\t\t\t\t\t\t<\/div>\n\t\t\t\t<\/div>\n\t\t\t\t<\/div>\n\t\t<div class=\"elementor-element elementor-element-f2214c2 e-con-full e-flex e-con e-child\" data-id=\"f2214c2\" data-element_type=\"container\" data-e-type=\"container\">\n\t\t\t\t<div class=\"elementor-element elementor-element-bc30586 elementor-widget elementor-widget-text-editor\" data-id=\"bc30586\" data-element_type=\"widget\" data-e-type=\"widget\" data-widget_type=\"text-editor.default\">\n\t\t\t\t<div class=\"elementor-widget-container\">\n\t\t\t\t\t\t\t\t\t<h5><em>Adho Mukha Virasana<\/em>, i benefici della posizione yoga del bambino<\/h5>\t\t\t\t\t\t\t\t<\/div>\n\t\t\t\t<\/div>\n\t\t\t\t<div class=\"elementor-element elementor-element-d1b5d9f elementor-widget elementor-widget-image\" data-id=\"d1b5d9f\" data-element_type=\"widget\" data-e-type=\"widget\" data-widget_type=\"image.default\">\n\t\t\t\t<div class=\"elementor-widget-container\">\n\t\t\t\t\t\t\t\t\t\t\t\t\t\t\t<img loading=\"lazy\" decoding=\"async\" width=\"630\" height=\"380\" src=\"https:\/\/www.centrocieloeterra.it\/wp-content\/uploads\/2024\/09\/balasana-jpeg.jpg\" class=\"attachment-large size-large wp-image-1660\" alt=\"\" srcset=\"https:\/\/www.centrocieloeterra.it\/wp-content\/uploads\/2024\/09\/balasana-jpeg.jpg 630w, https:\/\/www.centrocieloeterra.it\/wp-content\/uploads\/2024\/09\/balasana-jpeg-300x181.jpg 300w\" sizes=\"(max-width: 630px) 100vw, 630px\" \/>\t\t\t\t\t\t\t\t\t\t\t\t\t\t\t<\/div>\n\t\t\t\t<\/div>\n\t\t\t\t<div class=\"elementor-element elementor-element-9870024 elementor-widget elementor-widget-text-editor\" data-id=\"9870024\" data-element_type=\"widget\" data-e-type=\"widget\" data-widget_type=\"text-editor.default\">\n\t\t\t\t<div class=\"elementor-widget-container\">\n\t\t\t\t\t\t\t\t\t<p>In sanscrito, &#8220;Adho&#8221; significa &#8220;gi\u00f9&#8221;. Qui il corpo si muove verso il basso tenendo presente il flusso di energia o prana che fa parte della pratica yoga. Il flusso discendente del prana dalla base della colonna vertebrale verso la sommit\u00e0 della testa \u00e8 ci\u00f2 che si riferisce ad &#8220;Adho&#8221;.<\/p>\t\t\t\t\t\t\t\t<\/div>\n\t\t\t\t<\/div>\n\t\t\t\t<\/div>\n\t\t<div class=\"elementor-element elementor-element-bfa2c79 e-con-full e-flex e-con e-child\" data-id=\"bfa2c79\" data-element_type=\"container\" data-e-type=\"container\">\n\t\t\t\t<div class=\"elementor-element elementor-element-0bfd4c9 elementor-widget elementor-widget-text-editor\" data-id=\"0bfd4c9\" data-element_type=\"widget\" data-e-type=\"widget\" data-widget_type=\"text-editor.default\">\n\t\t\t\t<div class=\"elementor-widget-container\">\n\t\t\t\t\t\t\t\t\t<h5>Bhadrasana: i benefici della posizione yoga del trono<\/h5>\t\t\t\t\t\t\t\t<\/div>\n\t\t\t\t<\/div>\n\t\t\t\t<div class=\"elementor-element elementor-element-8c9681a elementor-widget elementor-widget-image\" data-id=\"8c9681a\" data-element_type=\"widget\" data-e-type=\"widget\" data-widget_type=\"image.default\">\n\t\t\t\t<div class=\"elementor-widget-container\">\n\t\t\t\t\t\t\t\t\t\t\t\t\t\t\t<img decoding=\"async\" src=\"http:\/\/www.centrocieloeterra.it\/wp-content\/uploads\/2024\/09\/bhadrasana5.jpg\" title=\"\" alt=\"\" loading=\"lazy\" \/>\t\t\t\t\t\t\t\t\t\t\t\t\t\t\t<\/div>\n\t\t\t\t<\/div>\n\t\t\t\t<div class=\"elementor-element elementor-element-513d4ad elementor-widget elementor-widget-text-editor\" data-id=\"513d4ad\" data-element_type=\"widget\" data-e-type=\"widget\" data-widget_type=\"text-editor.default\">\n\t\t\t\t<div class=\"elementor-widget-container\">\n\t\t\t\t\t\t\t\t\t<p>BADRASANA \u00e8 una posizione yoga che ci connette direttamente con le energie telluriche e aumenta la nostra vitalit\u00e0<strong>.La posizione del trono migliora la flessibilit\u00e0 delle anche, aiuta il bacino ad aprirsi per la gravidanza e per il parto, rinforza il pavimento pelvico.\u00a0<\/strong><\/p>\t\t\t\t\t\t\t\t<\/div>\n\t\t\t\t<\/div>\n\t\t\t\t<\/div>\n\t\t\t\t\t<\/div>\n\t\t\t\t<\/div>\n\t\t<div class=\"elementor-element elementor-element-dc33b32 e-flex e-con-boxed e-con e-parent\" data-id=\"dc33b32\" data-element_type=\"container\" data-e-type=\"container\" data-settings=\"{&quot;background_background&quot;:&quot;classic&quot;}\">\n\t\t\t\t\t<div class=\"e-con-inner\">\n\t\t<div class=\"elementor-element elementor-element-ae1c159 e-con-full e-flex e-con e-child\" data-id=\"ae1c159\" data-element_type=\"container\" data-e-type=\"container\">\n\t\t\t\t<div class=\"elementor-element elementor-element-6e70191 elementor-widget elementor-widget-text-editor\" data-id=\"6e70191\" data-element_type=\"widget\" data-e-type=\"widget\" data-widget_type=\"text-editor.default\">\n\t\t\t\t<div class=\"elementor-widget-container\">\n\t\t\t\t\t\t\t\t\t<h5>Uttanasana: la posizione delle mani sotto i piedi<\/h5>\t\t\t\t\t\t\t\t<\/div>\n\t\t\t\t<\/div>\n\t\t\t\t<div class=\"elementor-element elementor-element-44eae64 elementor-widget elementor-widget-image\" data-id=\"44eae64\" data-element_type=\"widget\" data-e-type=\"widget\" data-widget_type=\"image.default\">\n\t\t\t\t<div class=\"elementor-widget-container\">\n\t\t\t\t\t\t\t\t\t\t\t\t\t\t\t<img loading=\"lazy\" decoding=\"async\" width=\"1024\" height=\"680\" src=\"https:\/\/www.centrocieloeterra.it\/wp-content\/uploads\/2024\/09\/Uttanasana1-1024x680.jpg\" class=\"attachment-large size-large wp-image-1666\" alt=\"\" srcset=\"https:\/\/www.centrocieloeterra.it\/wp-content\/uploads\/2024\/09\/Uttanasana1-1024x680.jpg 1024w, https:\/\/www.centrocieloeterra.it\/wp-content\/uploads\/2024\/09\/Uttanasana1-300x199.jpg 300w, https:\/\/www.centrocieloeterra.it\/wp-content\/uploads\/2024\/09\/Uttanasana1-768x510.jpg 768w, https:\/\/www.centrocieloeterra.it\/wp-content\/uploads\/2024\/09\/Uttanasana1-1536x1020.jpg 1536w, https:\/\/www.centrocieloeterra.it\/wp-content\/uploads\/2024\/09\/Uttanasana1.jpg 1920w\" sizes=\"(max-width: 1024px) 100vw, 1024px\" \/>\t\t\t\t\t\t\t\t\t\t\t\t\t\t\t<\/div>\n\t\t\t\t<\/div>\n\t\t\t\t<div class=\"elementor-element elementor-element-08bfae4 elementor-widget elementor-widget-text-editor\" data-id=\"08bfae4\" data-element_type=\"widget\" data-e-type=\"widget\" data-widget_type=\"text-editor.default\">\n\t\t\t\t<div class=\"elementor-widget-container\">\n\t\t\t\t\t\t\t\t\t<p>Il piegamento in avanti in piedi \u00e8 conosciuto come\u00a0<strong>Uttanasana<\/strong>, dal\u00a0<strong>sanscrito<\/strong>\u00a0\u201cut\u201d, che significa \u201cintenso\u201d, \u201ctan\u201d, che significa \u201callungamento\u201d, e \u201c\u0101sana\u201d che, come sappiamo, significa \u201cposizione\u201d. Letteralmente \u00e8 quindi tradotto come<strong>\u00a0\u201cposizione di intenso allungamento\u201d<\/strong>.<\/p>\t\t\t\t\t\t\t\t<\/div>\n\t\t\t\t<\/div>\n\t\t\t\t<\/div>\n\t\t<div class=\"elementor-element elementor-element-3c7ab29 e-con-full e-flex e-con e-child\" data-id=\"3c7ab29\" data-element_type=\"container\" data-e-type=\"container\">\n\t\t\t\t<div class=\"elementor-element elementor-element-a49d61b elementor-widget elementor-widget-text-editor\" data-id=\"a49d61b\" data-element_type=\"widget\" data-e-type=\"widget\" data-widget_type=\"text-editor.default\">\n\t\t\t\t<div class=\"elementor-widget-container\">\n\t\t\t\t\t\t\t\t\t<h5>Urdhva Mukha Svanasana: il cane a testa in su<\/h5>\t\t\t\t\t\t\t\t<\/div>\n\t\t\t\t<\/div>\n\t\t\t\t<div class=\"elementor-element elementor-element-ce00a8a elementor-widget elementor-widget-image\" data-id=\"ce00a8a\" data-element_type=\"widget\" data-e-type=\"widget\" data-widget_type=\"image.default\">\n\t\t\t\t<div class=\"elementor-widget-container\">\n\t\t\t\t\t\t\t\t\t\t\t\t\t\t\t<img loading=\"lazy\" decoding=\"async\" width=\"1024\" height=\"683\" src=\"https:\/\/www.centrocieloeterra.it\/wp-content\/uploads\/2024\/09\/urdhva-mukha-1024x683.jpg\" class=\"attachment-large size-large wp-image-1667\" alt=\"\" srcset=\"https:\/\/www.centrocieloeterra.it\/wp-content\/uploads\/2024\/09\/urdhva-mukha-1024x683.jpg 1024w, https:\/\/www.centrocieloeterra.it\/wp-content\/uploads\/2024\/09\/urdhva-mukha-300x200.jpg 300w, https:\/\/www.centrocieloeterra.it\/wp-content\/uploads\/2024\/09\/urdhva-mukha-768x512.jpg 768w, https:\/\/www.centrocieloeterra.it\/wp-content\/uploads\/2024\/09\/urdhva-mukha.jpg 1200w\" sizes=\"(max-width: 1024px) 100vw, 1024px\" \/>\t\t\t\t\t\t\t\t\t\t\t\t\t\t\t<\/div>\n\t\t\t\t<\/div>\n\t\t\t\t<div class=\"elementor-element elementor-element-601c57f elementor-widget elementor-widget-text-editor\" data-id=\"601c57f\" data-element_type=\"widget\" data-e-type=\"widget\" data-widget_type=\"text-editor.default\">\n\t\t\t\t<div class=\"elementor-widget-container\">\n\t\t\t\t\t\t\t\t\t<p><b>Urdhva Mukha Svanasana\u00a0<\/b>\u00e8 una posizione che ti porta ad<b>\u00a0aprire il cuore<\/b>\u00a0e allungare la colonna migliorando la postura.<\/p><p>Da evitare se soffri di mal di schiena (gravi lesioni alle vertebre) o sei in gravidanza.<\/p>\t\t\t\t\t\t\t\t<\/div>\n\t\t\t\t<\/div>\n\t\t\t\t<\/div>\n\t\t<div class=\"elementor-element elementor-element-3f8dcb5 e-con-full e-flex e-con e-child\" data-id=\"3f8dcb5\" data-element_type=\"container\" data-e-type=\"container\">\n\t\t\t\t<div class=\"elementor-element elementor-element-335b090 elementor-widget elementor-widget-text-editor\" data-id=\"335b090\" data-element_type=\"widget\" data-e-type=\"widget\" data-widget_type=\"text-editor.default\">\n\t\t\t\t<div class=\"elementor-widget-container\">\n\t\t\t\t\t\t\t\t\t<h5>Salamba\u00a0 Sarvangasana:\u00a0 la candela<\/h5>\t\t\t\t\t\t\t\t<\/div>\n\t\t\t\t<\/div>\n\t\t\t\t<div class=\"elementor-element elementor-element-695d298 elementor-widget elementor-widget-image\" data-id=\"695d298\" data-element_type=\"widget\" data-e-type=\"widget\" data-widget_type=\"image.default\">\n\t\t\t\t<div class=\"elementor-widget-container\">\n\t\t\t\t\t\t\t\t\t\t\t\t\t\t\t<img loading=\"lazy\" decoding=\"async\" width=\"842\" height=\"1024\" src=\"https:\/\/www.centrocieloeterra.it\/wp-content\/uploads\/2024\/09\/Sarvangasana-842x1024.jpg\" class=\"attachment-large size-large wp-image-1668\" alt=\"\" srcset=\"https:\/\/www.centrocieloeterra.it\/wp-content\/uploads\/2024\/09\/Sarvangasana-842x1024.jpg 842w, https:\/\/www.centrocieloeterra.it\/wp-content\/uploads\/2024\/09\/Sarvangasana-247x300.jpg 247w, https:\/\/www.centrocieloeterra.it\/wp-content\/uploads\/2024\/09\/Sarvangasana-768x934.jpg 768w, https:\/\/www.centrocieloeterra.it\/wp-content\/uploads\/2024\/09\/Sarvangasana-1263x1536.jpg 1263w, https:\/\/www.centrocieloeterra.it\/wp-content\/uploads\/2024\/09\/Sarvangasana.jpg 1536w\" sizes=\"(max-width: 842px) 100vw, 842px\" \/>\t\t\t\t\t\t\t\t\t\t\t\t\t\t\t<\/div>\n\t\t\t\t<\/div>\n\t\t\t\t<div class=\"elementor-element elementor-element-408192f elementor-widget elementor-widget-text-editor\" data-id=\"408192f\" data-element_type=\"widget\" data-e-type=\"widget\" data-widget_type=\"text-editor.default\">\n\t\t\t\t<div class=\"elementor-widget-container\">\n\t\t\t\t\t\t\t\t\t<p>Nella\u00a0candela, bacino e gambe sono sollevati e allineati, mentre il peso \u00e8 distribuito sulle spalle.\u00a0<\/p>\t\t\t\t\t\t\t\t<\/div>\n\t\t\t\t<\/div>\n\t\t\t\t<\/div>\n\t\t<div class=\"elementor-element elementor-element-f7ff45e e-con-full e-flex e-con e-child\" data-id=\"f7ff45e\" data-element_type=\"container\" data-e-type=\"container\">\n\t\t\t\t<div class=\"elementor-element elementor-element-3fb2f20 elementor-widget elementor-widget-text-editor\" data-id=\"3fb2f20\" data-element_type=\"widget\" data-e-type=\"widget\" data-widget_type=\"text-editor.default\">\n\t\t\t\t<div class=\"elementor-widget-container\">\n\t\t\t\t\t\t\t\t\t<h5>Halasana: l\u2019aratro<\/h5>\t\t\t\t\t\t\t\t<\/div>\n\t\t\t\t<\/div>\n\t\t\t\t<div class=\"elementor-element elementor-element-4db06c3 elementor-widget elementor-widget-image\" data-id=\"4db06c3\" data-element_type=\"widget\" data-e-type=\"widget\" data-widget_type=\"image.default\">\n\t\t\t\t<div class=\"elementor-widget-container\">\n\t\t\t\t\t\t\t\t\t\t\t\t\t\t\t<img loading=\"lazy\" decoding=\"async\" width=\"770\" height=\"436\" src=\"https:\/\/www.centrocieloeterra.it\/wp-content\/uploads\/2024\/09\/halasana.jpg\" class=\"attachment-large size-large wp-image-1669\" alt=\"\" srcset=\"https:\/\/www.centrocieloeterra.it\/wp-content\/uploads\/2024\/09\/halasana.jpg 770w, https:\/\/www.centrocieloeterra.it\/wp-content\/uploads\/2024\/09\/halasana-300x170.jpg 300w, https:\/\/www.centrocieloeterra.it\/wp-content\/uploads\/2024\/09\/halasana-768x435.jpg 768w\" sizes=\"(max-width: 770px) 100vw, 770px\" \/>\t\t\t\t\t\t\t\t\t\t\t\t\t\t\t<\/div>\n\t\t\t\t<\/div>\n\t\t\t\t<div class=\"elementor-element elementor-element-67f01e1 elementor-widget elementor-widget-text-editor\" data-id=\"67f01e1\" data-element_type=\"widget\" data-e-type=\"widget\" data-widget_type=\"text-editor.default\">\n\t\t\t\t<div class=\"elementor-widget-container\">\n\t\t\t\t\t\t\t\t\t<p>Spesso praticata dopo la candela, Halasana aiuta ad alleviare i dolori della bassa schiena e favorisce il sonno. \u00a0L\u2019aratro \u00e8 anche il simbolo della trasformazione, che muove la terra affinch\u00e9 questa diventi fertile e dia vita a nuovi frutti. Ed \u00e8 proprio questa la posizione che andremo ad assumere: la forma di un aratro che rivolta la terra rendendola fruttuosa.<\/p>\t\t\t\t\t\t\t\t<\/div>\n\t\t\t\t<\/div>\n\t\t\t\t<\/div>\n\t\t\t\t\t<\/div>\n\t\t\t\t<\/div>\n\t\t<div class=\"elementor-element elementor-element-795cf76 e-flex e-con-boxed e-con e-parent\" data-id=\"795cf76\" data-element_type=\"container\" data-e-type=\"container\" data-settings=\"{&quot;background_background&quot;:&quot;classic&quot;}\">\n\t\t\t\t\t<div class=\"e-con-inner\">\n\t\t<div class=\"elementor-element elementor-element-a154fa5 e-con-full e-flex e-con e-child\" data-id=\"a154fa5\" data-element_type=\"container\" data-e-type=\"container\">\n\t\t\t\t<div class=\"elementor-element elementor-element-1871d85 elementor-widget elementor-widget-text-editor\" data-id=\"1871d85\" data-element_type=\"widget\" data-e-type=\"widget\" data-widget_type=\"text-editor.default\">\n\t\t\t\t<div class=\"elementor-widget-container\">\n\t\t\t\t\t\t\t\t\t<h5>Sirsasana: la verticale sulla testa<\/h5>\t\t\t\t\t\t\t\t<\/div>\n\t\t\t\t<\/div>\n\t\t\t\t<div class=\"elementor-element elementor-element-29dd74d elementor-widget elementor-widget-image\" data-id=\"29dd74d\" data-element_type=\"widget\" data-e-type=\"widget\" data-widget_type=\"image.default\">\n\t\t\t\t<div class=\"elementor-widget-container\">\n\t\t\t\t\t\t\t\t\t\t\t\t\t\t\t<img loading=\"lazy\" decoding=\"async\" width=\"500\" height=\"333\" src=\"https:\/\/www.centrocieloeterra.it\/wp-content\/uploads\/2024\/09\/Sirsasanaridotto.jpg\" class=\"attachment-large size-large wp-image-1675\" alt=\"\" srcset=\"https:\/\/www.centrocieloeterra.it\/wp-content\/uploads\/2024\/09\/Sirsasanaridotto.jpg 500w, https:\/\/www.centrocieloeterra.it\/wp-content\/uploads\/2024\/09\/Sirsasanaridotto-300x200.jpg 300w\" sizes=\"(max-width: 500px) 100vw, 500px\" \/>\t\t\t\t\t\t\t\t\t\t\t\t\t\t\t<\/div>\n\t\t\t\t<\/div>\n\t\t\t\t<div class=\"elementor-element elementor-element-3caff1f elementor-widget elementor-widget-text-editor\" data-id=\"3caff1f\" data-element_type=\"widget\" data-e-type=\"widget\" data-widget_type=\"text-editor.default\">\n\t\t\t\t<div class=\"elementor-widget-container\">\n\t\t\t\t\t\t\t\t\t<p>Sirsasana\u00a0\u00e8 di livello intermedio\/avanzato e richiede una muscolatura del core molto forte.<\/p><p>Per comodit\u00e0 puoi mettere mettere uno spessore sotto la testa, come un tappetino arrotolato su se stesso.<\/p>\t\t\t\t\t\t\t\t<\/div>\n\t\t\t\t<\/div>\n\t\t\t\t<\/div>\n\t\t<div class=\"elementor-element elementor-element-e860a86 e-con-full e-flex e-con e-child\" data-id=\"e860a86\" data-element_type=\"container\" data-e-type=\"container\">\n\t\t\t\t<div class=\"elementor-element elementor-element-3555ceb elementor-widget elementor-widget-text-editor\" data-id=\"3555ceb\" data-element_type=\"widget\" data-e-type=\"widget\" data-widget_type=\"text-editor.default\">\n\t\t\t\t<div class=\"elementor-widget-container\">\n\t\t\t\t\t\t\t\t\t<h5>Bhujangasana: il cobra<\/h5>\t\t\t\t\t\t\t\t<\/div>\n\t\t\t\t<\/div>\n\t\t\t\t<div class=\"elementor-element elementor-element-d31a13f elementor-widget elementor-widget-image\" data-id=\"d31a13f\" data-element_type=\"widget\" data-e-type=\"widget\" data-widget_type=\"image.default\">\n\t\t\t\t<div class=\"elementor-widget-container\">\n\t\t\t\t\t\t\t\t\t\t\t\t\t\t\t<img loading=\"lazy\" decoding=\"async\" width=\"550\" height=\"366\" src=\"https:\/\/www.centrocieloeterra.it\/wp-content\/uploads\/2024\/09\/Cobrarid.jpg\" class=\"attachment-large size-large wp-image-1676\" alt=\"\" srcset=\"https:\/\/www.centrocieloeterra.it\/wp-content\/uploads\/2024\/09\/Cobrarid.jpg 550w, https:\/\/www.centrocieloeterra.it\/wp-content\/uploads\/2024\/09\/Cobrarid-300x200.jpg 300w\" sizes=\"(max-width: 550px) 100vw, 550px\" \/>\t\t\t\t\t\t\t\t\t\t\t\t\t\t\t<\/div>\n\t\t\t\t<\/div>\n\t\t\t\t<div class=\"elementor-element elementor-element-81ee141 elementor-widget elementor-widget-text-editor\" data-id=\"81ee141\" data-element_type=\"widget\" data-e-type=\"widget\" data-widget_type=\"text-editor.default\">\n\t\t\t\t<div class=\"elementor-widget-container\">\n\t\t\t\t\t\t\t\t\t<p>Bhujangasana \u00e8 una parola sanscrita formata a sua volta da due parole:\u00a0<em style=\"font-size: 15px; text-align: var(--text-align);\">Bhujanga<\/em><span style=\"font-size: 15px; text-align: var(--text-align);\">\u00a0che significa serpente\u00a0<\/span><em style=\"font-size: 15px; text-align: var(--text-align);\">Asana<\/em><span style=\"font-size: 15px; text-align: var(--text-align);\">, che come sappiamo significa posizione.\u00a0<\/span><span style=\"font-size: 15px; text-align: var(--text-align);\">Bhujangasana apre le spalle e il cuore, migliorando la flessibilit\u00e0. Da non confondere con <\/span><i style=\"font-size: 15px; text-align: var(--text-align);\">Urdhva Mukha Svanasana<\/i><span style=\"font-size: 15px; text-align: var(--text-align);\">: qui i gomiti sono piegati.<\/span><\/p>\t\t\t\t\t\t\t\t<\/div>\n\t\t\t\t<\/div>\n\t\t\t\t<\/div>\n\t\t<div class=\"elementor-element elementor-element-16aec2b e-con-full e-flex e-con e-child\" data-id=\"16aec2b\" data-element_type=\"container\" data-e-type=\"container\">\n\t\t\t\t<div class=\"elementor-element elementor-element-f920e25 elementor-widget elementor-widget-text-editor\" data-id=\"f920e25\" data-element_type=\"widget\" data-e-type=\"widget\" data-widget_type=\"text-editor.default\">\n\t\t\t\t<div class=\"elementor-widget-container\">\n\t\t\t\t\t\t\t\t\t<h5>Paschimottanasana: il piegamento i<\/h5>\t\t\t\t\t\t\t\t<\/div>\n\t\t\t\t<\/div>\n\t\t\t\t<div class=\"elementor-element elementor-element-52dc713 elementor-widget elementor-widget-image\" data-id=\"52dc713\" data-element_type=\"widget\" data-e-type=\"widget\" data-widget_type=\"image.default\">\n\t\t\t\t<div class=\"elementor-widget-container\">\n\t\t\t\t\t\t\t\t\t\t\t\t\t\t\t<img loading=\"lazy\" decoding=\"async\" width=\"560\" height=\"373\" src=\"https:\/\/www.centrocieloeterra.it\/wp-content\/uploads\/2024\/09\/Pshimottanasarid.jpg\" class=\"attachment-large size-large wp-image-1677\" alt=\"\" srcset=\"https:\/\/www.centrocieloeterra.it\/wp-content\/uploads\/2024\/09\/Pshimottanasarid.jpg 560w, https:\/\/www.centrocieloeterra.it\/wp-content\/uploads\/2024\/09\/Pshimottanasarid-300x200.jpg 300w\" sizes=\"(max-width: 560px) 100vw, 560px\" \/>\t\t\t\t\t\t\t\t\t\t\t\t\t\t\t<\/div>\n\t\t\t\t<\/div>\n\t\t\t\t<div class=\"elementor-element elementor-element-119daa8 elementor-widget elementor-widget-text-editor\" data-id=\"119daa8\" data-element_type=\"widget\" data-e-type=\"widget\" data-widget_type=\"text-editor.default\">\n\t\t\t\t<div class=\"elementor-widget-container\">\n\t\t\t\t\t\t\t\t\t<p>Come dice gi\u00e0 il nome,\u00a0Paschimottanasana\u00a0allunga tutta la parte posteriore della schiena e delle gambe, favorendo uno stato di\u00a0<b>calma interiore<\/b>.<\/p><p>Se sei agli inizi puoi aiutarti con una cinghia da yoga da far passare dietro le piante dei piedi.<\/p>\t\t\t\t\t\t\t\t<\/div>\n\t\t\t\t<\/div>\n\t\t\t\t<\/div>\n\t\t<div class=\"elementor-element elementor-element-0bbadfe e-con-full e-flex e-con e-child\" data-id=\"0bbadfe\" data-element_type=\"container\" data-e-type=\"container\">\n\t\t\t\t<div class=\"elementor-element elementor-element-c585860 elementor-widget elementor-widget-text-editor\" data-id=\"c585860\" data-element_type=\"widget\" data-e-type=\"widget\" data-widget_type=\"text-editor.default\">\n\t\t\t\t<div class=\"elementor-widget-container\">\n\t\t\t\t\t\t\t\t\t<h5>Tadasana: la montagna<\/h5>\t\t\t\t\t\t\t\t<\/div>\n\t\t\t\t<\/div>\n\t\t\t\t<div class=\"elementor-element elementor-element-ed8fe8c elementor-widget elementor-widget-image\" data-id=\"ed8fe8c\" data-element_type=\"widget\" data-e-type=\"widget\" data-widget_type=\"image.default\">\n\t\t\t\t<div class=\"elementor-widget-container\">\n\t\t\t\t\t\t\t\t\t\t\t\t\t\t\t<img loading=\"lazy\" decoding=\"async\" width=\"540\" height=\"359\" src=\"https:\/\/www.centrocieloeterra.it\/wp-content\/uploads\/2024\/09\/Tadasanarid.jpg\" class=\"attachment-large size-large wp-image-1682\" alt=\"\" srcset=\"https:\/\/www.centrocieloeterra.it\/wp-content\/uploads\/2024\/09\/Tadasanarid.jpg 540w, https:\/\/www.centrocieloeterra.it\/wp-content\/uploads\/2024\/09\/Tadasanarid-300x199.jpg 300w\" sizes=\"(max-width: 540px) 100vw, 540px\" \/>\t\t\t\t\t\t\t\t\t\t\t\t\t\t\t<\/div>\n\t\t\t\t<\/div>\n\t\t\t\t<div class=\"elementor-element elementor-element-9410be2 elementor-widget elementor-widget-text-editor\" data-id=\"9410be2\" data-element_type=\"widget\" data-e-type=\"widget\" data-widget_type=\"text-editor.default\">\n\t\t\t\t<div class=\"elementor-widget-container\">\n\t\t\t\t\t\t\t\t\t<p>Tadasana\u00a0\u00e8 in assoluto una delle mie Asane preferite, forse perch\u00e9 io stessa amo la montagna, forse perch\u00e9 questa posizione mi fa sentire veramente radicata e connessa alla terra.\u00a0<span style=\"font-size: 15px; text-align: var(--text-align);\">I benefici : ti senti forte, stabile, centrato, proprio come una montagna.<\/span><\/p><p>\u00a0<\/p>\t\t\t\t\t\t\t\t<\/div>\n\t\t\t\t<\/div>\n\t\t\t\t<\/div>\n\t\t\t\t\t<\/div>\n\t\t\t\t<\/div>\n\t\t<div class=\"elementor-element elementor-element-fac1b4d e-flex e-con-boxed e-con e-parent\" data-id=\"fac1b4d\" data-element_type=\"container\" data-e-type=\"container\" data-settings=\"{&quot;background_background&quot;:&quot;classic&quot;}\">\n\t\t\t\t\t<div class=\"e-con-inner\">\n\t\t\t\t<div class=\"elementor-element elementor-element-eb94eaf elementor-widget-divider--view-line_icon elementor-view-default elementor-widget-divider--element-align-center elementor-widget elementor-widget-divider\" data-id=\"eb94eaf\" data-element_type=\"widget\" data-e-type=\"widget\" data-widget_type=\"divider.default\">\n\t\t\t\t<div class=\"elementor-widget-container\">\n\t\t\t\t\t\t\t<div class=\"elementor-divider\">\n\t\t\t<span class=\"elementor-divider-separator\">\n\t\t\t\t\t\t\t<div class=\"elementor-icon elementor-divider__element\">\n\t\t\t\t\t<svg aria-hidden=\"true\" class=\"e-font-icon-svg e-fas-yin-yang\" viewBox=\"0 0 496 512\" xmlns=\"http:\/\/www.w3.org\/2000\/svg\"><path d=\"M248 8C111.03 8 0 119.03 0 256s111.03 248 248 248 248-111.03 248-248S384.97 8 248 8zm0 376c-17.67 0-32-14.33-32-32s14.33-32 32-32 32 14.33 32 32-14.33 32-32 32zm0-128c-53.02 0-96 42.98-96 96s42.98 96 96 96c-106.04 0-192-85.96-192-192S141.96 64 248 64c53.02 0 96 42.98 96 96s-42.98 96-96 96zm0-128c-17.67 0-32 14.33-32 32s14.33 32 32 32 32-14.33 32-32-14.33-32-32-32z\"><\/path><\/svg><\/div>\n\t\t\t\t\t\t<\/span>\n\t\t<\/div>\n\t\t\t\t\t\t<\/div>\n\t\t\t\t<\/div>\n\t\t\t\t\t<\/div>\n\t\t\t\t<\/div>\n\t\t<div class=\"elementor-element elementor-element-a25e0a1 e-flex e-con-boxed e-con e-parent\" data-id=\"a25e0a1\" data-element_type=\"container\" data-e-type=\"container\" data-settings=\"{&quot;background_background&quot;:&quot;classic&quot;}\">\n\t\t\t\t\t<div class=\"e-con-inner\">\n\t\t<div class=\"elementor-element elementor-element-e9105ee e-con-full e-flex e-con e-child\" data-id=\"e9105ee\" data-element_type=\"container\" data-e-type=\"container\" data-settings=\"{&quot;background_background&quot;:&quot;classic&quot;}\">\n\t\t\t\t<div class=\"elementor-element elementor-element-592e51b elementor-widget elementor-widget-text-editor\" data-id=\"592e51b\" data-element_type=\"widget\" data-e-type=\"widget\" data-widget_type=\"text-editor.default\">\n\t\t\t\t<div class=\"elementor-widget-container\">\n\t\t\t\t\t\t\t\t\t<p>per contattarci<\/p><p><span style=\"font-size: 15px; text-align: var(--text-align); color: #ffffff;\">cieloeterra@gmail.com<\/span><\/p><p><span style=\"font-size: 15px; text-align: var(--text-align); color: #ffffff;\">333.6073448<\/span><\/p>\t\t\t\t\t\t\t\t<\/div>\n\t\t\t\t<\/div>\n\t\t\t\t<\/div>\n\t\t<div class=\"elementor-element elementor-element-eb88154 e-con-full e-flex e-con e-child\" data-id=\"eb88154\" data-element_type=\"container\" data-e-type=\"container\" data-settings=\"{&quot;background_background&quot;:&quot;classic&quot;}\">\n\t\t\t\t<div class=\"elementor-element elementor-element-7ad4380 elementor-widget elementor-widget-text-editor\" data-id=\"7ad4380\" data-element_type=\"widget\" data-e-type=\"widget\" data-widget_type=\"text-editor.default\">\n\t\t\t\t<div class=\"elementor-widget-container\">\n\t\t\t\t\t\t\t\t\t<p>ci trovi qui:\u00a0<\/p><p>sede: Cisano Bergamasco, Via Manzoni 5<\/p><p>Corsi: Via Don Minzoni Cisano bergamasco<\/p>\t\t\t\t\t\t\t\t<\/div>\n\t\t\t\t<\/div>\n\t\t\t\t<\/div>\n\t\t\t\t\t<\/div>\n\t\t\t\t<\/div>\n\t\t<div class=\"elementor-element elementor-element-0429291 e-flex e-con-boxed e-con e-parent\" data-id=\"0429291\" data-element_type=\"container\" data-e-type=\"container\">\n\t\t\t\t\t<div class=\"e-con-inner\">\n\t\t\t\t<div class=\"elementor-element elementor-element-34a13e0 elementor-widget elementor-widget-text-editor\" data-id=\"34a13e0\" data-element_type=\"widget\" data-e-type=\"widget\" data-widget_type=\"text-editor.default\">\n\t\t\t\t<div class=\"elementor-widget-container\">\n\t\t\t\t\t\t\t\t\t<div class=\"elementor-element elementor-element-97a173a elementor-widget elementor-widget-heading\" data-id=\"97a173a\" data-element_type=\"widget\" data-widget_type=\"heading.default\"><div class=\"elementor-widget-container\"><h3 class=\"elementor-heading-title elementor-size-default\"><span style=\"font-size: 16px;\">\u00a0<\/span><\/h3><\/div><\/div>\t\t\t\t\t\t\t\t<\/div>\n\t\t\t\t<\/div>\n\t\t\t\t\t<\/div>\n\t\t\t\t<\/div>\n\t\t<div class=\"elementor-element elementor-element-2de7df2 e-grid e-con-boxed e-con e-parent\" data-id=\"2de7df2\" data-element_type=\"container\" data-e-type=\"container\">\n\t\t\t\t\t<div class=\"e-con-inner\">\n\t\t\t\t\t<\/div>\n\t\t\t\t<\/div>\n\t\t\t\t<\/div>\n\t\t","protected":false},"excerpt":{"rendered":"<p>Hamburger Toggle Menu ENTRA NEL MONDO DELLO YOGA!LO YOGA E&#8217; PER TUTTI! PARTECIPA AI NOSTRI CORSI, INIZIA IL TUO VIAGGIO SE VUOI AUMENTARE FORZA, FLESSIBILITA&#8217; E CALMARE LA MENTE. I NOSTRI CORSI SI TENGONO PRESSO LA PALESTRA DELLA SCUOLA ELEMENTARE DI CISANOINSEGNANTE STEFANO LOCATELLI LUNEDI DALLE ORE 20.00\u00a0 ALLE ORE 21.30 GIOVEDI DALLE ORE 19.00\u00a0 [&hellip;]<\/p>\n","protected":false},"author":1,"featured_media":0,"parent":0,"menu_order":0,"comment_status":"closed","ping_status":"closed","template":"","meta":{"_eb_attr":"","ocean_front_end_style_editor":"no","ocean_post_layout":"full-screen","ocean_both_sidebars_style":"","ocean_both_sidebars_content_width":0,"ocean_both_sidebars_sidebars_width":0,"ocean_sidebar":"","ocean_second_sidebar":"","ocean_disable_margins":"enable","ocean_add_body_class":"","ocean_shortcode_before_top_bar":"","ocean_shortcode_after_top_bar":"","ocean_shortcode_before_header":"","ocean_shortcode_after_header":"","ocean_has_shortcode":"","ocean_shortcode_after_title":"","ocean_shortcode_before_footer_widgets":"","ocean_shortcode_after_footer_widgets":"","ocean_shortcode_before_footer_bottom":"","ocean_shortcode_after_footer_bottom":"","ocean_display_top_bar":"off","ocean_display_header":"default","ocean_header_style":"","ocean_center_header_left_menu":"","ocean_custom_header_template":"","ocean_custom_logo":0,"ocean_custom_retina_logo":0,"ocean_custom_logo_max_width":0,"ocean_custom_logo_tablet_max_width":0,"ocean_custom_logo_mobile_max_width":0,"ocean_custom_logo_max_height":0,"ocean_custom_logo_tablet_max_height":0,"ocean_custom_logo_mobile_max_height":0,"ocean_header_custom_menu":"","ocean_menu_typo_font_family":"","ocean_menu_typo_font_subset":"","ocean_menu_typo_font_size":0,"ocean_menu_typo_font_size_tablet":0,"ocean_menu_typo_font_size_mobile":0,"ocean_menu_typo_font_size_unit":"px","ocean_menu_typo_font_weight":"","ocean_menu_typo_font_weight_tablet":"","ocean_menu_typo_font_weight_mobile":"","ocean_menu_typo_transform":"","ocean_menu_typo_transform_tablet":"","ocean_menu_typo_transform_mobile":"","ocean_menu_typo_line_height":0,"ocean_menu_typo_line_height_tablet":0,"ocean_menu_typo_line_height_mobile":0,"ocean_menu_typo_line_height_unit":"","ocean_menu_typo_spacing":0,"ocean_menu_typo_spacing_tablet":0,"ocean_menu_typo_spacing_mobile":0,"ocean_menu_typo_spacing_unit":"","ocean_menu_link_color":"","ocean_menu_link_color_hover":"","ocean_menu_link_color_active":"","ocean_menu_link_background":"","ocean_menu_link_hover_background":"","ocean_menu_link_active_background":"","ocean_menu_social_links_bg":"","ocean_menu_social_hover_links_bg":"","ocean_menu_social_links_color":"","ocean_menu_social_hover_links_color":"","ocean_disable_title":"on","ocean_disable_heading":"default","ocean_post_title":"","ocean_post_subheading":"","ocean_post_title_style":"","ocean_post_title_background_color":"","ocean_post_title_background":0,"ocean_post_title_bg_image_position":"","ocean_post_title_bg_image_attachment":"","ocean_post_title_bg_image_repeat":"","ocean_post_title_bg_image_size":"","ocean_post_title_height":0,"ocean_post_title_bg_overlay":0.5,"ocean_post_title_bg_overlay_color":"","ocean_disable_breadcrumbs":"default","ocean_breadcrumbs_color":"","ocean_breadcrumbs_separator_color":"","ocean_breadcrumbs_links_color":"","ocean_breadcrumbs_links_hover_color":"","ocean_display_footer_widgets":"off","ocean_display_footer_bottom":"off","ocean_custom_footer_template":"","footnotes":""},"class_list":["post-614","page","type-page","status-publish","hentry","entry"],"_links":{"self":[{"href":"https:\/\/www.centrocieloeterra.it\/index.php\/wp-json\/wp\/v2\/pages\/614","targetHints":{"allow":["GET"]}}],"collection":[{"href":"https:\/\/www.centrocieloeterra.it\/index.php\/wp-json\/wp\/v2\/pages"}],"about":[{"href":"https:\/\/www.centrocieloeterra.it\/index.php\/wp-json\/wp\/v2\/types\/page"}],"author":[{"embeddable":true,"href":"https:\/\/www.centrocieloeterra.it\/index.php\/wp-json\/wp\/v2\/users\/1"}],"replies":[{"embeddable":true,"href":"https:\/\/www.centrocieloeterra.it\/index.php\/wp-json\/wp\/v2\/comments?post=614"}],"version-history":[{"count":398,"href":"https:\/\/www.centrocieloeterra.it\/index.php\/wp-json\/wp\/v2\/pages\/614\/revisions"}],"predecessor-version":[{"id":3346,"href":"https:\/\/www.centrocieloeterra.it\/index.php\/wp-json\/wp\/v2\/pages\/614\/revisions\/3346"}],"wp:attachment":[{"href":"https:\/\/www.centrocieloeterra.it\/index.php\/wp-json\/wp\/v2\/media?parent=614"}],"curies":[{"name":"wp","href":"https:\/\/api.w.org\/{rel}","templated":true}]}}